{"id":70,"date":"2025-04-10T14:53:13","date_gmt":"2025-04-10T17:53:13","guid":{"rendered":"https:\/\/mulheressolidarias.com.br\/?page_id=70"},"modified":"2025-10-14T13:57:35","modified_gmt":"2025-10-14T16:57:35","slug":"homestead","status":"publish","type":"page","link":"https:\/\/mulheressolidarias.com.br\/","title":{"rendered":"HomeStead"},"content":{"rendered":"\t\t<div data-elementor-type=\"wp-page\" data-elementor-id=\"70\" class=\"elementor elementor-70\">\n\t\t\t\t\t\t<section class=\"elementor-section elementor-top-section elementor-element elementor-element-3f4be35 elementor-section-boxed elementor-section-height-default elementor-section-height-default\" data-id=\"3f4be35\" data-element_type=\"section\" data-settings=\"{&quot;background_background&quot;:&quot;classic&quot;}\">\n\t\t\t\t\t\t<div class=\"elementor-container elementor-column-gap-no\">\n\t\t\t\t\t<div class=\"elementor-column elementor-col-100 elementor-top-column elementor-element elementor-element-78a5b34\" data-id=\"78a5b34\" data-element_type=\"column\">\n\t\t\t<div class=\"elementor-widget-wrap elementor-element-populated\">\n\t\t\t\t\t\t<div class=\"elementor-element elementor-element-602979c elementor-widget elementor-widget-shortcode\" data-id=\"602979c\" data-element_type=\"widget\" data-widget_type=\"shortcode.default\">\n\t\t\t\t<div class=\"elementor-widget-container\">\n\t\t\t\t\t\t\t<div class=\"elementor-shortcode\">\n\t\t<!-- MasterSlider -->\n\t\t<div id=\"P_MS6a9a887e38203\" class=\"master-slider-parent msl ms-parent-id-1\" style=\"\">\n\n\t\t\t\n\t\t\t<!-- MasterSlider Main -->\n\t\t\t<div id=\"MS6a9a887e38203\" class=\"master-slider ms-skin-light-3\" >\n\t\t\t\t \t\t\t\t \n\t\t\t\t<div  class=\"ms-slide\" data-delay=\"3\" data-fill-mode=\"fill\"  >\n\t\t\t\t\t<img decoding=\"async\" src=\"https:\/\/mulheressolidarias.com.br\/wp-content\/plugins\/master-slider\/public\/assets\/css\/blank.gif\" alt=\"\" title=\"\" data-src=\"https:\/\/mulheressolidarias.com.br\/wp-content\/uploads\/2025\/10\/8047ac10-ccd3-40e7-8bbd-cf00224e6ba7.jpg\" \/>\n\n\n\t<div class=\"ms-thumb\" ><div class=\"ms-tab-context\"><div class=&quot;ms-tab-context&quot;><\/div><\/div>\n<\/div>\n\t\t\t\t<\/div>\n\t\t\t\t<div  class=\"ms-slide\" data-delay=\"3\" data-fill-mode=\"fill\"  >\n\t\t\t\t\t<img decoding=\"async\" src=\"https:\/\/mulheressolidarias.com.br\/wp-content\/plugins\/master-slider\/public\/assets\/css\/blank.gif\" alt=\"\" title=\"\" data-src=\"https:\/\/mulheressolidarias.com.br\/wp-content\/uploads\/2025\/10\/60a5fb58-456e-40c5-a1e1-e4d5195fa094.jpg\" \/>\n\n\n\t<div class=\"ms-thumb\" ><div class=\"ms-tab-context\"><div class=&quot;ms-tab-context&quot;><\/div><\/div>\n<\/div>\n\t\t\t\t<\/div>\n\t\t\t\t<div  class=\"ms-slide\" data-delay=\"3\" data-fill-mode=\"fill\"  >\n\t\t\t\t\t<img decoding=\"async\" src=\"https:\/\/mulheressolidarias.com.br\/wp-content\/plugins\/master-slider\/public\/assets\/css\/blank.gif\" alt=\"\" title=\"\" data-src=\"https:\/\/mulheressolidarias.com.br\/wp-content\/uploads\/2025\/10\/1o-Encontro-Mulheres-Solidarias-no-Janeiro-Branco-2025O-1o-Encontro-Mulheres-Solidarias-em-parc.jpg\" \/>\n\n\n\t<div class=\"ms-thumb\" ><div class=\"ms-tab-context\"><div class=&quot;ms-tab-context&quot;><\/div><\/div>\n<\/div>\n\t\t\t\t<\/div>\n\t\t\t\t<div  class=\"ms-slide\" data-delay=\"3\" data-fill-mode=\"fill\"  >\n\t\t\t\t\t<img decoding=\"async\" src=\"https:\/\/mulheressolidarias.com.br\/wp-content\/plugins\/master-slider\/public\/assets\/css\/blank.gif\" alt=\"\" title=\"\" data-src=\"https:\/\/mulheressolidarias.com.br\/wp-content\/uploads\/2025\/10\/5071a43e-422d-46f2-8e01-2675099c7490.jpg\" \/>\n\n\n\t<div class=\"ms-thumb\" ><div class=\"ms-tab-context\"><div class=&quot;ms-tab-context&quot;><\/div><\/div>\n<\/div>\n\t\t\t\t<\/div>\n\t\t\t\t<div  class=\"ms-slide\" data-delay=\"3\" data-fill-mode=\"fill\"  >\n\t\t\t\t\t<img decoding=\"async\" src=\"https:\/\/mulheressolidarias.com.br\/wp-content\/plugins\/master-slider\/public\/assets\/css\/blank.gif\" alt=\"\" title=\"\" data-src=\"https:\/\/mulheressolidarias.com.br\/wp-content\/uploads\/2025\/10\/1o-Encontro-Mulheres-Solidarias-no-Janeiro-Branco-2025O-1o-Encontro-Mulheres-Solidarias-em-parc-1.jpg\" \/>\n\n\n\t<div class=\"ms-thumb\" ><div class=\"ms-tab-context\"><div class=&quot;ms-tab-context&quot;><\/div><\/div>\n<\/div>\n\t\t\t\t<\/div>\n\t\t\t\t<div  class=\"ms-slide\" data-delay=\"3\" data-fill-mode=\"fill\"  >\n\t\t\t\t\t<img decoding=\"async\" src=\"https:\/\/mulheressolidarias.com.br\/wp-content\/plugins\/master-slider\/public\/assets\/css\/blank.gif\" alt=\"\" title=\"\" data-src=\"https:\/\/mulheressolidarias.com.br\/wp-content\/uploads\/2025\/10\/83b5c189-dfcc-44cf-aced-29d89b290580.jpg\" \/>\n\n\n\t<div class=\"ms-thumb\" ><div class=\"ms-tab-context\"><div class=&quot;ms-tab-context&quot;><\/div><\/div>\n<\/div>\n\t\t\t\t<\/div>\n\n\t\t\t<\/div>\n\t\t\t<!-- END MasterSlider Main -->\n\n\t\t\t \n\t\t<\/div>\n\t\t<!-- END MasterSlider -->\n\n\t\t<script>\n\t\t(function ( $ ) {\n\t\t\t\"use strict\";\n\n\t\t\t$(function () {\n\t\t\t\tvar masterslider_8203 = new MasterSlider();\n\n\t\t\t\t\/\/ slider controls\n\t\t\t\tmasterslider_8203.control('arrows'     ,{ autohide:false, overVideo:true  });\t\t\t\tmasterslider_8203.control('bullets'    ,{ autohide:true, overVideo:true, dir:'h', align:'bottom' , margin:10  });\n\n\t\t\t\tmasterslider_8203.control('circletimer',{ autohide:false, overVideo:true, color:'#434343', radius:10, stroke:3   });\n\t\t\t\tmasterslider_8203.control('timebar'    ,{ autohide:false, overVideo:true, align:'bottom', color:'#FFFFFF'  , width:4 });\n\t\t\t\t\/\/ slider setup\n\t\t\t\tmasterslider_8203.setup(\"MS6a9a887e38203\", {\n\t\t\t\t\t\twidth           : 12000,\n\t\t\t\t\t\theight          : 480,\n\t\t\t\t\t\tminHeight       : 0,\n\t\t\t\t\t\tspace           : 0,\n\t\t\t\t\t\tstart           : 1,\n\t\t\t\t\t\tgrabCursor      : true,\n\t\t\t\t\t\tswipe           : true,\n\t\t\t\t\t\tmouse           : true,\n\t\t\t\t\t\tlayout          : \"fullwidth\",\n\t\t\t\t\t\twheel           : false,\n\t\t\t\t\t\tautoplay        : true,\n\t\t\t\t\t\tinstantStartLayers:false,\n\t\t\t\t\t\tloop            : true,\n\t\t\t\t\t\tshuffle         : false,\n\t\t\t\t\t\tpreload         : 0,\n\t\t\t\t\t\theightLimit     : true,\n\t\t\t\t\t\tautoHeight      : true,\n\t\t\t\t\t\tsmoothHeight    : true,\n\t\t\t\t\t\tendPause        : false,\n\t\t\t\t\t\toverPause       : true,\n\t\t\t\t\t\tfillMode        : \"fill\",\n\t\t\t\t\t\tcenterControls  : true,\n\t\t\t\t\t\tstartOnAppear   : false,\n\t\t\t\t\t\tlayersMode      : \"center\",\n\t\t\t\t\t\thideLayers      : false,\n\t\t\t\t\t\tfullscreenMargin: 0,\n\t\t\t\t\t\tspeed           : 20,\n\t\t\t\t\t\tdir             : \"h\",\n\t\t\t\t\t\tparallaxMode    : 'swipe',\n\t\t\t\t\t\tview            : \"basic\"\n\t\t\t\t});\n\n\t\t\t\t\n\t\t\t\twindow.masterslider_instances = window.masterslider_instances || [];\n\t\t\t\twindow.masterslider_instances.push( masterslider_8203 );\n\t\t\t });\n\n\t\t})(jQuery);\n\t\t<\/script>\n\n<\/div>\n\t\t\t\t\t\t<\/div>\n\t\t\t\t<\/div>\n\t\t\t\t\t<\/div>\n\t\t<\/div>\n\t\t\t\t\t<\/div>\n\t\t<\/section>\n\t\t\t\t<section class=\"elementor-section elementor-top-section elementor-element elementor-element-d5b5cb6 elementor-section-content-middle elementor-section-boxed elementor-section-height-default elementor-section-height-default\" data-id=\"d5b5cb6\" data-element_type=\"section\">\n\t\t\t\t\t\t<div class=\"elementor-container elementor-column-gap-no\">\n\t\t\t\t\t<div class=\"elementor-column elementor-col-50 elementor-top-column elementor-element elementor-element-1f438ea\" data-id=\"1f438ea\" data-element_type=\"column\" data-settings=\"{&quot;background_background&quot;:&quot;classic&quot;}\">\n\t\t\t<div class=\"elementor-widget-wrap elementor-element-populated\">\n\t\t\t\t\t\t<div class=\"elementor-element elementor-element-ed84e9a elementor-invisible elementor-widget elementor-widget-image\" data-id=\"ed84e9a\" data-element_type=\"widget\" data-settings=\"{&quot;_animation&quot;:&quot;fadeInUp&quot;}\" data-widget_type=\"image.default\">\n\t\t\t\t<div class=\"elementor-widget-container\">\n\t\t\t\t\t\t\t\t\t\t\t\t\t\t\t<img fetchpriority=\"high\" decoding=\"async\" width=\"400\" height=\"174\" src=\"http:\/\/mulheressolidarias.com.br\/wp-content\/uploads\/2025\/04\/01.png\" class=\"attachment-large size-large wp-image-130\" alt=\"\" srcset=\"http:\/\/mulheressolidarias.com.br\/wp-content\/uploads\/2025\/04\/01.png 400w, http:\/\/mulheressolidarias.com.br\/wp-content\/uploads\/2025\/04\/01-300x131.png 300w\" sizes=\"(max-width: 400px) 100vw, 400px\" \/>\t\t\t\t\t\t\t\t\t\t\t\t\t\t\t<\/div>\n\t\t\t\t<\/div>\n\t\t\t\t\t<\/div>\n\t\t<\/div>\n\t\t\t\t<div class=\"elementor-column elementor-col-50 elementor-top-column elementor-element elementor-element-f522fb7\" data-id=\"f522fb7\" data-element_type=\"column\">\n\t\t\t<div class=\"elementor-widget-wrap elementor-element-populated\">\n\t\t\t\t\t\t<div class=\"elementor-element elementor-element-e12c369 elementor-invisible elementor-widget elementor-widget-heading\" data-id=\"e12c369\" data-element_type=\"widget\" data-settings=\"{&quot;_animation&quot;:&quot;fadeInRight&quot;}\" data-widget_type=\"heading.default\">\n\t\t\t\t<div class=\"elementor-widget-container\">\n\t\t\t\t\t<h2 class=\"elementor-heading-title elementor-size-default\">Instituto Mulheres Solid\u00e1rias<\/h2>\t\t\t\t<\/div>\n\t\t\t\t<\/div>\n\t\t\t\t<div class=\"elementor-element elementor-element-a982dfd elementor-invisible elementor-widget elementor-widget-text-editor\" data-id=\"a982dfd\" data-element_type=\"widget\" data-settings=\"{&quot;_animation&quot;:&quot;fadeInRight&quot;,&quot;_animation_delay&quot;:100}\" data-widget_type=\"text-editor.default\">\n\t\t\t\t<div class=\"elementor-widget-container\">\n\t\t\t\t\t\t\t\t\t<p data-start=\"289\" data-end=\"391\">Empreendedorismo Feminino \u2022 Network \u2022 Sororidade \u2022 Solidariedade<\/p><p data-start=\"393\" data-end=\"733\">O Instituto Mulheres Solid\u00e1rias \u00e9 uma organiza\u00e7\u00e3o sem fins lucrativos, fundada em <strong data-start=\"475\" data-end=\"496\">fevereiro de 2010<\/strong> pela <strong data-start=\"502\" data-end=\"542\">Embaixadora da Paz Ana Karin Andrade<\/strong>.<br data-start=\"543\" data-end=\"546\" \/>Com sede em S\u00e3o Paulo e atua\u00e7\u00e3o nacional, o Instituto promove <strong data-start=\"608\" data-end=\"649\">a\u00e7\u00f5es culturais, sociais e educativas<\/strong> que transformam vidas, inspiram a cidadania e fortalecem o protagonismo feminino.<\/p>\t\t\t\t\t\t\t\t<\/div>\n\t\t\t\t<\/div>\n\t\t\t\t<div class=\"elementor-element elementor-element-d3fe6d7 elementor-absolute elementor-widget-tablet__width-initial elementor-hidden-mobile elementor-widget elementor-widget-image\" data-id=\"d3fe6d7\" data-element_type=\"widget\" data-settings=\"{&quot;_position&quot;:&quot;absolute&quot;}\" data-widget_type=\"image.default\">\n\t\t\t\t<div class=\"elementor-widget-container\">\n\t\t\t\t\t\t\t\t\t\t\t\t\t\t\t<img decoding=\"async\" width=\"174\" height=\"108\" src=\"http:\/\/mulheressolidarias.com.br\/wp-content\/uploads\/2024\/03\/c27e6167-vector4.png\" class=\"attachment-large size-large wp-image-33\" alt=\"\" \/>\t\t\t\t\t\t\t\t\t\t\t\t\t\t\t<\/div>\n\t\t\t\t<\/div>\n\t\t\t\t\t<\/div>\n\t\t<\/div>\n\t\t\t\t\t<\/div>\n\t\t<\/section>\n\t\t\t\t<section class=\"elementor-section elementor-top-section elementor-element elementor-element-dd5f25e elementor-section-content-bottom elementor-section-boxed elementor-section-height-default elementor-section-height-default\" data-id=\"dd5f25e\" data-element_type=\"section\" data-settings=\"{&quot;background_background&quot;:&quot;classic&quot;}\">\n\t\t\t\t\t\t<div class=\"elementor-container elementor-column-gap-no\">\n\t\t\t\t\t<div class=\"elementor-column elementor-col-50 elementor-top-column elementor-element elementor-element-83637df\" data-id=\"83637df\" data-element_type=\"column\">\n\t\t\t<div class=\"elementor-widget-wrap elementor-element-populated\">\n\t\t\t\t\t\t<div class=\"elementor-element elementor-element-017ab4b elementor-invisible elementor-widget elementor-widget-heading\" data-id=\"017ab4b\" data-element_type=\"widget\" data-settings=\"{&quot;_animation&quot;:&quot;fadeInLeft&quot;}\" data-widget_type=\"heading.default\">\n\t\t\t\t<div class=\"elementor-widget-container\">\n\t\t\t\t\t<h2 class=\"elementor-heading-title elementor-size-default\">Quem Somos<\/h2>\t\t\t\t<\/div>\n\t\t\t\t<\/div>\n\t\t\t\t<div class=\"elementor-element elementor-element-7257dfe elementor-widget__width-initial elementor-invisible elementor-widget elementor-widget-text-editor\" data-id=\"7257dfe\" data-element_type=\"widget\" data-settings=\"{&quot;_animation&quot;:&quot;fadeInLeft&quot;}\" data-widget_type=\"text-editor.default\">\n\t\t\t\t<div class=\"elementor-widget-container\">\n\t\t\t\t\t\t\t\t\t<p data-start=\"1565\" data-end=\"1744\">Com mais de <strong data-start=\"1577\" data-end=\"1599\">10 anos de atua\u00e7\u00e3o<\/strong>, o Instituto \u00e9 composto por <strong data-start=\"1628\" data-end=\"1652\">mulheres de destaque<\/strong> em diferentes \u00e1reas, comprometidas com o bem comum e com a constru\u00e7\u00e3o de um mundo melhor.<\/p><p data-start=\"1746\" data-end=\"1774\">Atuamos em diversas frentes:<\/p><ul data-start=\"1775\" data-end=\"1962\"><li data-start=\"1775\" data-end=\"1797\"><p data-start=\"1777\" data-end=\"1797\">Assist\u00eancia social<\/p><\/li><li data-start=\"1798\" data-end=\"1832\"><p data-start=\"1800\" data-end=\"1832\">Cultura e patrim\u00f4nio art\u00edstico<\/p><\/li><li data-start=\"1833\" data-end=\"1863\"><p data-start=\"1835\" data-end=\"1863\">Educa\u00e7\u00e3o e sa\u00fade gratuitas<\/p><\/li><li data-start=\"1864\" data-end=\"1887\"><p data-start=\"1866\" data-end=\"1887\">Seguran\u00e7a alimentar<\/p><\/li><li data-start=\"1888\" data-end=\"1926\"><p data-start=\"1890\" data-end=\"1926\">Desenvolvimento econ\u00f4mico e social<\/p><\/li><li data-start=\"1927\" data-end=\"1962\"><p data-start=\"1929\" data-end=\"1962\">A\u00e7\u00f5es de paz, cidadania e \u00e9tica<\/p><\/li><\/ul>\t\t\t\t\t\t\t\t<\/div>\n\t\t\t\t<\/div>\n\t\t\t\t\t<\/div>\n\t\t<\/div>\n\t\t\t\t<div class=\"elementor-column elementor-col-50 elementor-top-column elementor-element elementor-element-7ba7c81 elementor-invisible\" data-id=\"7ba7c81\" data-element_type=\"column\" data-settings=\"{&quot;background_background&quot;:&quot;classic&quot;,&quot;animation&quot;:&quot;fadeInUp&quot;}\">\n\t\t\t<div class=\"elementor-widget-wrap elementor-element-populated\">\n\t\t\t\t\t\t<div class=\"elementor-element elementor-element-5845e2a elementor-widget elementor-widget-image\" data-id=\"5845e2a\" data-element_type=\"widget\" data-widget_type=\"image.default\">\n\t\t\t\t<div class=\"elementor-widget-container\">\n\t\t\t\t\t\t\t\t\t\t\t\t\t\t\t<img decoding=\"async\" width=\"800\" height=\"800\" src=\"http:\/\/mulheressolidarias.com.br\/wp-content\/uploads\/2025\/10\/1o-Encontro-Mulheres-Solidarias-no-Janeiro-Branco-2025O-1o-Encontro-Mulheres-Solidarias-em-parc-1-1024x1024.jpg\" class=\"attachment-large size-large wp-image-187\" alt=\"\" srcset=\"http:\/\/mulheressolidarias.com.br\/wp-content\/uploads\/2025\/10\/1o-Encontro-Mulheres-Solidarias-no-Janeiro-Branco-2025O-1o-Encontro-Mulheres-Solidarias-em-parc-1-1024x1024.jpg 1024w, http:\/\/mulheressolidarias.com.br\/wp-content\/uploads\/2025\/10\/1o-Encontro-Mulheres-Solidarias-no-Janeiro-Branco-2025O-1o-Encontro-Mulheres-Solidarias-em-parc-1-300x300.jpg 300w, http:\/\/mulheressolidarias.com.br\/wp-content\/uploads\/2025\/10\/1o-Encontro-Mulheres-Solidarias-no-Janeiro-Branco-2025O-1o-Encontro-Mulheres-Solidarias-em-parc-1-150x150.jpg 150w, http:\/\/mulheressolidarias.com.br\/wp-content\/uploads\/2025\/10\/1o-Encontro-Mulheres-Solidarias-no-Janeiro-Branco-2025O-1o-Encontro-Mulheres-Solidarias-em-parc-1-768x768.jpg 768w, http:\/\/mulheressolidarias.com.br\/wp-content\/uploads\/2025\/10\/1o-Encontro-Mulheres-Solidarias-no-Janeiro-Branco-2025O-1o-Encontro-Mulheres-Solidarias-em-parc-1-100x100.jpg 100w, http:\/\/mulheressolidarias.com.br\/wp-content\/uploads\/2025\/10\/1o-Encontro-Mulheres-Solidarias-no-Janeiro-Branco-2025O-1o-Encontro-Mulheres-Solidarias-em-parc-1-200x200.jpg 200w, http:\/\/mulheressolidarias.com.br\/wp-content\/uploads\/2025\/10\/1o-Encontro-Mulheres-Solidarias-no-Janeiro-Branco-2025O-1o-Encontro-Mulheres-Solidarias-em-parc-1-400x400.jpg 400w, http:\/\/mulheressolidarias.com.br\/wp-content\/uploads\/2025\/10\/1o-Encontro-Mulheres-Solidarias-no-Janeiro-Branco-2025O-1o-Encontro-Mulheres-Solidarias-em-parc-1-500x500.jpg 500w, http:\/\/mulheressolidarias.com.br\/wp-content\/uploads\/2025\/10\/1o-Encontro-Mulheres-Solidarias-no-Janeiro-Branco-2025O-1o-Encontro-Mulheres-Solidarias-em-parc-1.jpg 1080w\" sizes=\"(max-width: 800px) 100vw, 800px\" \/>\t\t\t\t\t\t\t\t\t\t\t\t\t\t\t<\/div>\n\t\t\t\t<\/div>\n\t\t\t\t\t<\/div>\n\t\t<\/div>\n\t\t\t\t\t<\/div>\n\t\t<\/section>\n\t\t\t\t<section class=\"elementor-section elementor-top-section elementor-element elementor-element-dbcbee7 elementor-section-content-bottom elementor-section-boxed elementor-section-height-default elementor-section-height-default\" data-id=\"dbcbee7\" data-element_type=\"section\" data-settings=\"{&quot;background_background&quot;:&quot;classic&quot;}\">\n\t\t\t\t\t\t<div class=\"elementor-container elementor-column-gap-no\">\n\t\t\t\t\t<div class=\"elementor-column elementor-col-50 elementor-top-column elementor-element elementor-element-960e32c elementor-invisible\" data-id=\"960e32c\" data-element_type=\"column\" data-settings=\"{&quot;background_background&quot;:&quot;classic&quot;,&quot;animation&quot;:&quot;fadeInUp&quot;}\">\n\t\t\t<div class=\"elementor-widget-wrap elementor-element-populated\">\n\t\t\t\t\t\t<div class=\"elementor-element elementor-element-b321747 elementor-widget__width-initial elementor-widget elementor-widget-image\" data-id=\"b321747\" data-element_type=\"widget\" data-widget_type=\"image.default\">\n\t\t\t\t<div class=\"elementor-widget-container\">\n\t\t\t\t\t\t\t\t\t\t\t\t\t\t\t<img loading=\"lazy\" decoding=\"async\" width=\"800\" height=\"939\" src=\"http:\/\/mulheressolidarias.com.br\/wp-content\/uploads\/2025\/10\/02.png\" class=\"attachment-large size-large wp-image-182\" alt=\"\" srcset=\"http:\/\/mulheressolidarias.com.br\/wp-content\/uploads\/2025\/10\/02.png 813w, http:\/\/mulheressolidarias.com.br\/wp-content\/uploads\/2025\/10\/02-256x300.png 256w, http:\/\/mulheressolidarias.com.br\/wp-content\/uploads\/2025\/10\/02-768x901.png 768w\" sizes=\"(max-width: 800px) 100vw, 800px\" \/>\t\t\t\t\t\t\t\t\t\t\t\t\t\t\t<\/div>\n\t\t\t\t<\/div>\n\t\t\t\t\t<\/div>\n\t\t<\/div>\n\t\t\t\t<div class=\"elementor-column elementor-col-50 elementor-top-column elementor-element elementor-element-6bc7b9f\" data-id=\"6bc7b9f\" data-element_type=\"column\">\n\t\t\t<div class=\"elementor-widget-wrap elementor-element-populated\">\n\t\t\t\t\t\t<div class=\"elementor-element elementor-element-ea1b3cb elementor-invisible elementor-widget elementor-widget-heading\" data-id=\"ea1b3cb\" data-element_type=\"widget\" data-settings=\"{&quot;_animation&quot;:&quot;fadeInLeft&quot;}\" data-widget_type=\"heading.default\">\n\t\t\t\t<div class=\"elementor-widget-container\">\n\t\t\t\t\t<h2 class=\"elementor-heading-title elementor-size-default\">Nossa Presidente \u2013 Ana Karin de Almeida Andrade<\/h2>\t\t\t\t<\/div>\n\t\t\t\t<\/div>\n\t\t\t\t<div class=\"elementor-element elementor-element-1fa2b73 elementor-invisible elementor-widget elementor-widget-text-editor\" data-id=\"1fa2b73\" data-element_type=\"widget\" data-settings=\"{&quot;_animation&quot;:&quot;fadeInLeft&quot;}\" data-widget_type=\"text-editor.default\">\n\t\t\t\t<div class=\"elementor-widget-container\">\n\t\t\t\t\t\t\t\t\t<ul data-start=\"2027\" data-end=\"2443\"><li data-start=\"2027\" data-end=\"2074\"><p data-start=\"2029\" data-end=\"2074\">Presidente do Instituto Mulheres Solid\u00e1rias<\/p><\/li><li data-start=\"2075\" data-end=\"2106\"><p data-start=\"2077\" data-end=\"2106\">Embaixadora da Paz pela ONU<\/p><\/li><li data-start=\"2107\" data-end=\"2216\"><p data-start=\"2109\" data-end=\"2216\">P\u00f3s-graduada em Marketing Pol\u00edtico (USP), Marketing Internacional (FGV) e Gerenciamento de Cidades (FAAP)<\/p><\/li><li data-start=\"2217\" data-end=\"2267\"><p data-start=\"2219\" data-end=\"2267\">Ex-prefeita de Cruzeiro (SP) por dois mandatos<\/p><\/li><li data-start=\"2268\" data-end=\"2334\"><p data-start=\"2270\" data-end=\"2334\">Criadora do <strong data-start=\"2282\" data-end=\"2301\">Disque Den\u00fancia<\/strong> contra a prostitui\u00e7\u00e3o infantil<\/p><\/li><li data-start=\"2335\" data-end=\"2384\"><p data-start=\"2337\" data-end=\"2384\">Fundadora do <strong data-start=\"2350\" data-end=\"2382\">Instituto Karinha de Crian\u00e7a<\/strong><\/p><\/li><li data-start=\"2385\" data-end=\"2443\"><p data-start=\"2387\" data-end=\"2443\">Foi Presidente do <strong data-start=\"2405\" data-end=\"2416\">CODIVAP<\/strong> e <strong data-start=\"2419\" data-end=\"2443\">Diretora da Embratur<\/strong><\/p><\/li><\/ul>\t\t\t\t\t\t\t\t<\/div>\n\t\t\t\t<\/div>\n\t\t\t\t\t<\/div>\n\t\t<\/div>\n\t\t\t\t\t<\/div>\n\t\t<\/section>\n\t\t\t\t<section class=\"elementor-section elementor-top-section elementor-element elementor-element-f8ddf08 elementor-section-boxed elementor-section-height-default elementor-section-height-default\" data-id=\"f8ddf08\" data-element_type=\"section\" id=\"service_section\" data-settings=\"{&quot;background_background&quot;:&quot;classic&quot;}\">\n\t\t\t\t\t\t<div class=\"elementor-container elementor-column-gap-no\">\n\t\t\t\t\t<div class=\"elementor-column elementor-col-100 elementor-top-column elementor-element elementor-element-fa2db9a\" data-id=\"fa2db9a\" data-element_type=\"column\">\n\t\t\t<div class=\"elementor-widget-wrap elementor-element-populated\">\n\t\t\t\t\t\t<section class=\"elementor-section elementor-inner-section elementor-element elementor-element-38e15e4 elementor-section-boxed elementor-section-height-default elementor-section-height-default\" data-id=\"38e15e4\" data-element_type=\"section\">\n\t\t\t\t\t\t<div class=\"elementor-container elementor-column-gap-no\">\n\t\t\t\t\t<div class=\"elementor-column elementor-col-100 elementor-inner-column elementor-element elementor-element-ff44f22\" data-id=\"ff44f22\" data-element_type=\"column\">\n\t\t\t<div class=\"elementor-widget-wrap elementor-element-populated\">\n\t\t\t\t\t\t<div class=\"elementor-element elementor-element-c9282c0 elementor-widget elementor-widget-heading\" data-id=\"c9282c0\" data-element_type=\"widget\" data-widget_type=\"heading.default\">\n\t\t\t\t<div class=\"elementor-widget-container\">\n\t\t\t\t\t<h2 class=\"elementor-heading-title elementor-size-default\"><strong data-start=\"746\" data-end=\"764\">Nossa Hist\u00f3ria<\/strong><\/h2>\t\t\t\t<\/div>\n\t\t\t\t<\/div>\n\t\t\t\t<div class=\"elementor-element elementor-element-74ec8a8 elementor-widget elementor-widget-text-editor\" data-id=\"74ec8a8\" data-element_type=\"widget\" data-widget_type=\"text-editor.default\">\n\t\t\t\t<div class=\"elementor-widget-container\">\n\t\t\t\t\t\t\t\t\t<p>A idealizadora do Instituto, <strong data-start=\"794\" data-end=\"815\">Ana Karin Andrade<\/strong>, ex-prefeita de Cruzeiro (SP), fundou o projeto inspirada por sua av\u00f3 <strong data-start=\"886\" data-end=\"898\">Ana Din\u00e1<\/strong>, com o prop\u00f3sito de servir e contribuir com a sociedade.<br data-start=\"955\" data-end=\"958\" \/>Desde sua cria\u00e7\u00e3o, o Mulheres Solid\u00e1rias realiza in\u00fameras a\u00e7\u00f5es como o <strong data-start=\"1029\" data-end=\"1048\">Sop\u00e3o Solid\u00e1rio<\/strong>, <strong data-start=\"1050\" data-end=\"1085\">almo\u00e7os e jantares beneficentes<\/strong>, <strong data-start=\"1087\" data-end=\"1133\">doa\u00e7\u00f5es para orfanatos, asilos e hospitais<\/strong>, sempre com foco na melhoria de vida das pessoas e comunidades.<\/p>\t\t\t\t\t\t\t\t<\/div>\n\t\t\t\t<\/div>\n\t\t\t\t\t<\/div>\n\t\t<\/div>\n\t\t\t\t\t<\/div>\n\t\t<\/section>\n\t\t\t\t\t<\/div>\n\t\t<\/div>\n\t\t\t\t\t<\/div>\n\t\t<\/section>\n\t\t\t\t<section class=\"elementor-section elementor-top-section elementor-element elementor-element-d7278f3 elementor-section-boxed elementor-section-height-default elementor-section-height-default\" data-id=\"d7278f3\" data-element_type=\"section\" data-settings=\"{&quot;background_background&quot;:&quot;classic&quot;}\">\n\t\t\t\t\t\t<div class=\"elementor-container elementor-column-gap-no\">\n\t\t\t\t\t<div class=\"elementor-column elementor-col-100 elementor-top-column elementor-element elementor-element-01b6cc4\" data-id=\"01b6cc4\" data-element_type=\"column\">\n\t\t\t<div class=\"elementor-widget-wrap elementor-element-populated\">\n\t\t\t\t\t\t<section class=\"elementor-section elementor-inner-section elementor-element elementor-element-e993507 elementor-section-boxed elementor-section-height-default elementor-section-height-default\" data-id=\"e993507\" data-element_type=\"section\">\n\t\t\t\t\t\t<div class=\"elementor-container elementor-column-gap-no\">\n\t\t\t\t\t<div class=\"elementor-column elementor-col-100 elementor-inner-column elementor-element elementor-element-aae4468\" data-id=\"aae4468\" data-element_type=\"column\">\n\t\t\t<div class=\"elementor-widget-wrap elementor-element-populated\">\n\t\t\t\t\t\t<div class=\"elementor-element elementor-element-a494b3c elementor-widget elementor-widget-heading\" data-id=\"a494b3c\" data-element_type=\"widget\" data-widget_type=\"heading.default\">\n\t\t\t\t<div class=\"elementor-widget-container\">\n\t\t\t\t\t<h2 class=\"elementor-heading-title elementor-size-default\"><strong data-start=\"746\" data-end=\"764\">Madrinhas e Padrinhos de Honra<\/strong><\/h2>\t\t\t\t<\/div>\n\t\t\t\t<\/div>\n\t\t\t\t<div class=\"elementor-element elementor-element-666e18d elementor-widget elementor-widget-text-editor\" data-id=\"666e18d\" data-element_type=\"widget\" data-widget_type=\"text-editor.default\">\n\t\t\t\t<div class=\"elementor-widget-container\">\n\t\t\t\t\t\t\t\t\t<p>Nossos embaixadores e apoiadores atuam como multiplicadores de boas a\u00e7\u00f5es.<\/p>\t\t\t\t\t\t\t\t<\/div>\n\t\t\t\t<\/div>\n\t\t\t\t\t<\/div>\n\t\t<\/div>\n\t\t\t\t\t<\/div>\n\t\t<\/section>\n\t\t\t\t<section class=\"elementor-section elementor-inner-section elementor-element elementor-element-05d4398 elementor-section-boxed elementor-section-height-default elementor-section-height-default\" data-id=\"05d4398\" data-element_type=\"section\">\n\t\t\t\t\t\t<div class=\"elementor-container elementor-column-gap-no\">\n\t\t\t\t\t<div class=\"elementor-column elementor-col-33 elementor-inner-column elementor-element elementor-element-46c0ee4\" data-id=\"46c0ee4\" data-element_type=\"column\">\n\t\t\t<div class=\"elementor-widget-wrap elementor-element-populated\">\n\t\t\t\t\t\t<div class=\"elementor-element elementor-element-fab3717 eael-infobox-content-align--left eael-infobox-shape-square eael-infobox-hover-img-shape-square elementor-invisible elementor-widget elementor-widget-eael-info-box\" data-id=\"fab3717\" data-element_type=\"widget\" data-settings=\"{&quot;_animation&quot;:&quot;fadeInLeft&quot;}\" data-widget_type=\"eael-info-box.default\">\n\t\t\t\t<div class=\"elementor-widget-container\">\n\t\t\t\t\t        <div class=\"eael-infobox\">\n\t            <div class=\"infobox-icon\">\n\n                            <img decoding=\"async\" src=\"http:\/\/mulheressolidarias.com.br\/wp-content\/uploads\/2025\/10\/c1d834a1-d55e-46e6-ab46-72255d258994.jpg\" alt=\"\">\n            \n            \n            \n        <\/div>\n            <div class=\"infobox-content\">\n                    <div class=\"infobox-title-section\">\n                <h5 class=\"title\">Ana karin Andrade<\/h5>            <\/div>\n            <div><p>Presidente do Instituto Mulheres Solid\u00e1rias<\/p><\/div>        <\/div>\n            <\/div>\n\n\t\t\t\t\t\t<\/div>\n\t\t\t\t<\/div>\n\t\t\t\t\t<\/div>\n\t\t<\/div>\n\t\t\t\t<div class=\"elementor-column elementor-col-33 elementor-inner-column elementor-element elementor-element-1888194\" data-id=\"1888194\" data-element_type=\"column\">\n\t\t\t<div class=\"elementor-widget-wrap elementor-element-populated\">\n\t\t\t\t\t\t<div class=\"elementor-element elementor-element-697ccd1 eael-infobox-content-align--left eael-infobox-shape-square eael-infobox-hover-img-shape-square elementor-invisible elementor-widget elementor-widget-eael-info-box\" data-id=\"697ccd1\" data-element_type=\"widget\" data-settings=\"{&quot;_animation&quot;:&quot;fadeInLeft&quot;}\" data-widget_type=\"eael-info-box.default\">\n\t\t\t\t<div class=\"elementor-widget-container\">\n\t\t\t\t\t        <div class=\"eael-infobox\">\n\t            <div class=\"infobox-icon\">\n\n                            <img decoding=\"async\" src=\"http:\/\/mulheressolidarias.com.br\/wp-content\/uploads\/2025\/10\/02-2.png\" alt=\"\">\n            \n            \n            \n        <\/div>\n            <div class=\"infobox-content\">\n                    <div class=\"infobox-title-section\">\n                <h5 class=\"title\">Marlize Baierle<\/h5>            <\/div>\n            <div><p>Vice Presidente<\/p><\/div>        <\/div>\n            <\/div>\n\n\t\t\t\t\t\t<\/div>\n\t\t\t\t<\/div>\n\t\t\t\t\t<\/div>\n\t\t<\/div>\n\t\t\t\t<div class=\"elementor-column elementor-col-33 elementor-inner-column elementor-element elementor-element-3556568\" data-id=\"3556568\" data-element_type=\"column\">\n\t\t\t<div class=\"elementor-widget-wrap elementor-element-populated\">\n\t\t\t\t\t\t<div class=\"elementor-element elementor-element-0f2bb0a eael-infobox-content-align--left eael-infobox-shape-square eael-infobox-hover-img-shape-square elementor-invisible elementor-widget elementor-widget-eael-info-box\" data-id=\"0f2bb0a\" data-element_type=\"widget\" data-settings=\"{&quot;_animation&quot;:&quot;fadeInLeft&quot;}\" data-widget_type=\"eael-info-box.default\">\n\t\t\t\t<div class=\"elementor-widget-container\">\n\t\t\t\t\t        <div class=\"eael-infobox\">\n\t            <div class=\"infobox-icon\">\n\n                            <img decoding=\"async\" src=\"http:\/\/mulheressolidarias.com.br\/wp-content\/uploads\/2025\/10\/02-1.png\" alt=\"\">\n            \n            \n            \n        <\/div>\n            <div class=\"infobox-content\">\n                    <div class=\"infobox-title-section\">\n                <h5 class=\"title\">Silvana Herrera<\/h5>            <\/div>\n            <div><p>Vice-Presidente Internacional<\/p><\/div>        <\/div>\n            <\/div>\n\n\t\t\t\t\t\t<\/div>\n\t\t\t\t<\/div>\n\t\t\t\t\t<\/div>\n\t\t<\/div>\n\t\t\t\t\t<\/div>\n\t\t<\/section>\n\t\t\t\t<section class=\"elementor-section elementor-inner-section elementor-element elementor-element-7ccf768 elementor-section-boxed elementor-section-height-default elementor-section-height-default\" data-id=\"7ccf768\" data-element_type=\"section\">\n\t\t\t\t\t\t<div class=\"elementor-container elementor-column-gap-no\">\n\t\t\t\t\t<div class=\"elementor-column elementor-col-33 elementor-inner-column elementor-element elementor-element-622ba82\" data-id=\"622ba82\" data-element_type=\"column\">\n\t\t\t<div class=\"elementor-widget-wrap elementor-element-populated\">\n\t\t\t\t\t\t<div class=\"elementor-element elementor-element-c0b60fb eael-infobox-content-align--left eael-infobox-shape-square eael-infobox-hover-img-shape-square elementor-invisible elementor-widget elementor-widget-eael-info-box\" data-id=\"c0b60fb\" data-element_type=\"widget\" data-settings=\"{&quot;_animation&quot;:&quot;fadeInLeft&quot;}\" data-widget_type=\"eael-info-box.default\">\n\t\t\t\t<div class=\"elementor-widget-container\">\n\t\t\t\t\t        <div class=\"eael-infobox\">\n\t            <div class=\"infobox-icon\">\n\n                            <img decoding=\"async\" src=\"http:\/\/mulheressolidarias.com.br\/wp-content\/uploads\/2025\/10\/02-3.png\" alt=\"\">\n            \n            \n            \n        <\/div>\n            <div class=\"infobox-content\">\n                    <div class=\"infobox-title-section\">\n                <h5 class=\"title\">Anna Dennz<\/h5>            <\/div>\n            <div><p>Vice Presidente\u00a0<\/p><\/div>        <\/div>\n            <\/div>\n\n\t\t\t\t\t\t<\/div>\n\t\t\t\t<\/div>\n\t\t\t\t\t<\/div>\n\t\t<\/div>\n\t\t\t\t<div class=\"elementor-column elementor-col-33 elementor-inner-column elementor-element elementor-element-da9986f\" data-id=\"da9986f\" data-element_type=\"column\">\n\t\t\t<div class=\"elementor-widget-wrap elementor-element-populated\">\n\t\t\t\t\t\t<div class=\"elementor-element elementor-element-ce4641a eael-infobox-content-align--left eael-infobox-shape-square eael-infobox-hover-img-shape-square elementor-invisible elementor-widget elementor-widget-eael-info-box\" data-id=\"ce4641a\" data-element_type=\"widget\" data-settings=\"{&quot;_animation&quot;:&quot;fadeInLeft&quot;}\" data-widget_type=\"eael-info-box.default\">\n\t\t\t\t<div class=\"elementor-widget-container\">\n\t\t\t\t\t        <div class=\"eael-infobox\">\n\t            <div class=\"infobox-icon\">\n\n                            <img decoding=\"async\" src=\"http:\/\/mulheressolidarias.com.br\/wp-content\/uploads\/2025\/10\/02-4.png\" alt=\"\">\n            \n            \n            \n        <\/div>\n            <div class=\"infobox-content\">\n                    <div class=\"infobox-title-section\">\n                <h5 class=\"title\">Marly lamarca<\/h5>            <\/div>\n            <div><p>Diretora de Comunica\u00e7\u00e3o<\/p><\/div>        <\/div>\n            <\/div>\n\n\t\t\t\t\t\t<\/div>\n\t\t\t\t<\/div>\n\t\t\t\t\t<\/div>\n\t\t<\/div>\n\t\t\t\t<div class=\"elementor-column elementor-col-33 elementor-inner-column elementor-element elementor-element-f3f431c\" data-id=\"f3f431c\" data-element_type=\"column\">\n\t\t\t<div class=\"elementor-widget-wrap elementor-element-populated\">\n\t\t\t\t\t\t<div class=\"elementor-element elementor-element-8ec7716 eael-infobox-content-align--left eael-infobox-shape-square eael-infobox-hover-img-shape-square elementor-invisible elementor-widget elementor-widget-eael-info-box\" data-id=\"8ec7716\" data-element_type=\"widget\" data-settings=\"{&quot;_animation&quot;:&quot;fadeInLeft&quot;}\" data-widget_type=\"eael-info-box.default\">\n\t\t\t\t<div class=\"elementor-widget-container\">\n\t\t\t\t\t        <div class=\"eael-infobox\">\n\t            <div class=\"infobox-icon\">\n\n                            <img decoding=\"async\" src=\"http:\/\/mulheressolidarias.com.br\/wp-content\/uploads\/2025\/10\/02-5.png\" alt=\"\">\n            \n            \n            \n        <\/div>\n            <div class=\"infobox-content\">\n                    <div class=\"infobox-title-section\">\n                <h5 class=\"title\">Milena Wydra<\/h5>            <\/div>\n            <div><p>Diretora Jur\u00eddica<\/p><\/div>        <\/div>\n            <\/div>\n\n\t\t\t\t\t\t<\/div>\n\t\t\t\t<\/div>\n\t\t\t\t\t<\/div>\n\t\t<\/div>\n\t\t\t\t\t<\/div>\n\t\t<\/section>\n\t\t\t\t\t<\/div>\n\t\t<\/div>\n\t\t\t\t\t<\/div>\n\t\t<\/section>\n\t\t<div class=\"elementor-element elementor-element-c6b3038 e-flex e-con-boxed e-con e-parent\" data-id=\"c6b3038\" data-element_type=\"container\">\n\t\t\t\t\t<div class=\"e-con-inner\">\n\t\t\t\t<div class=\"elementor-element elementor-element-42d2a03 elementor-widget elementor-widget-heading\" data-id=\"42d2a03\" data-element_type=\"widget\" data-widget_type=\"heading.default\">\n\t\t\t\t<div class=\"elementor-widget-container\">\n\t\t\t\t\t<h2 class=\"elementor-heading-title elementor-size-default\"><strong data-start=\"746\" data-end=\"764\">Parceiros<\/strong><\/h2>\t\t\t\t<\/div>\n\t\t\t\t<\/div>\n\t\t\t\t\t<\/div>\n\t\t\t\t<\/div>\n\t\t\t\t<\/div>\n\t\t","protected":false},"excerpt":{"rendered":"<p>Instituto Mulheres Solid\u00e1rias Empreendedorismo Feminino \u2022 Network \u2022 Sororidade \u2022 Solidariedade O Instituto Mulheres Solid\u00e1rias \u00e9 uma organiza\u00e7\u00e3o sem fins lucrativos, fundada em fevereiro de 2010 pela Embaixadora da Paz Ana Karin Andrade.Com sede em S\u00e3o Paulo e atua\u00e7\u00e3o nacional, o Instituto promove a\u00e7\u00f5es culturais, sociais e educativas que transformam vidas, inspiram a cidadania e [&hellip;]<\/p>\n","protected":false},"author":1,"featured_media":0,"parent":0,"menu_order":0,"comment_status":"closed","ping_status":"closed","template":"elementor_header_footer","meta":{"footnotes":""},"class_list":["post-70","page","type-page","status-publish","hentry"],"_links":{"self":[{"href":"https:\/\/mulheressolidarias.com.br\/index.php?rest_route=\/wp\/v2\/pages\/70","targetHints":{"allow":["GET"]}}],"collection":[{"href":"https:\/\/mulheressolidarias.com.br\/index.php?rest_route=\/wp\/v2\/pages"}],"about":[{"href":"https:\/\/mulheressolidarias.com.br\/index.php?rest_route=\/wp\/v2\/types\/page"}],"author":[{"embeddable":true,"href":"https:\/\/mulheressolidarias.com.br\/index.php?rest_route=\/wp\/v2\/users\/1"}],"replies":[{"embeddable":true,"href":"https:\/\/mulheressolidarias.com.br\/index.php?rest_route=%2Fwp%2Fv2%2Fcomments&post=70"}],"version-history":[{"count":32,"href":"https:\/\/mulheressolidarias.com.br\/index.php?rest_route=\/wp\/v2\/pages\/70\/revisions"}],"predecessor-version":[{"id":220,"href":"https:\/\/mulheressolidarias.com.br\/index.php?rest_route=\/wp\/v2\/pages\/70\/revisions\/220"}],"wp:attachment":[{"href":"https:\/\/mulheressolidarias.com.br\/index.php?rest_route=%2Fwp%2Fv2%2Fmedia&parent=70"}],"curies":[{"name":"wp","href":"https:\/\/api.w.org\/{rel}","templated":true}]}}